{"id":68,"date":"2016-03-27T03:28:52","date_gmt":"2016-03-27T03:28:52","guid":{"rendered":"http:\/\/prix-plafond-tendu.com\/site\/?page_id=68"},"modified":"2019-08-22T13:34:19","modified_gmt":"2019-08-22T13:34:19","slug":"a-propos","status":"publish","type":"page","link":"https:\/\/prix-plafond-tendu.fr\/site\/a-propos\/","title":{"rendered":"A propos"},"content":{"rendered":"<div class=\"RSDB_2COL_0_LT\">\n<div class=\"PTGRLARG_A1\">\n<p style=\"text-align: justify; font-size: 1.00em; hyphens: none;\">A propos des Plafonds Tendus <b>S.E.E.T.H.<\/b><\/p>\n<p><\/p>\n<p style=\"text-align: justify; font-size: 1.00em; hyphens: none;\">Nous offrons une <b>exp\u00e9rience de plus de 25 ans<\/b> dans le domaine du <b>Plafond Tendu<\/b> et de la <b>d\u00e9coration<\/b>, avec une sp\u00e9cialisation sur le Plafond Tendu, et sommes le <b>premier poseur en IDF<\/b> que ce soit en volume <b>avec plusieurs milliers de m\u00b2 de plafonds tendus pos\u00e9s par an<\/b>, mais aussi premiers en nombre d&rsquo;\u00e9quipes.<\/p>\n<p style=\"text-align: justify; font-size: 1.00em; hyphens: none;\">Nous posons des plafonds tendus aussi bien chez les particuliers que des professionnels, avec \u00e9galement des projets de luxe (h\u00f4tels, \u00e9tablissements de luxe, magasins&#8230;). Nous disposons d&rsquo;un service \u00e9tudes et r\u00e9alisations, et nos tarifs sont dans la moyenne du march\u00e9 avec <b>une qualit\u00e9 de plafonds tendus et une prestation d\u00e9finitivement haut de gamme<\/b>. Depuis 2015 nous proposons aussi bien la pose de <b>plafonds tendus \u00e0 chaud, qu&rsquo;\u00e0 froid<\/b>, et depuis 2016 des <b>plafonds en grande largeur, de 5.5 m\u00e8tres de large<\/b> qui permettent de r\u00e9aliser des superficies de grandes tailles sans soudure.<\/p>\n<p>\n\tNos avantages :<\/p>\n<ul>\n<li>Titre de <b>Ma\u00eetre Artisan dans les m\u00e9tiers d&rsquo;Art<\/b>, gage de qualit\u00e9, certifi\u00e9 Qualibat&#8230;<\/li>\n<li><b>14 \u00e9quipes<\/b>, la garantie de s\u00e9rieux et de rapidit\u00e9 de pose<\/li>\n<li><b>5 p\u00f4les d\u2019activit\u00e9s<\/b> : Plafond tendu, mur tendu imprim\u00e9, nettoyage plafond tendu, tapisserie d\u00e9coration et tissu tendu, \u00e9clairage<\/li>\n<li>Service <b>\u00e9tudes et r\u00e9alisations<\/b><\/li>\n<li>Service d\u00e9di\u00e9 \u00e0 l&rsquo;\u00e9tude de l&rsquo;\u00e9clairage LED et \u00e0 l&rsquo;int\u00e9gration<\/li>\n<li><b>2 Sites de production<\/b> et pr\u00e9paration en IDF<\/li>\n<li>Des tarifs dans la tranche basse avec une prestation haut de gamme<\/li>\n<li>Des plafonds tendus en pose \u00e0 chaud ou \u00e0 froid<\/li>\n<li>Une gamme de plafonds tendus grandes largeurs en 5.5m de large en exclusivit\u00e9<\/li>\n<li>Une <b>garantie de 10 ans<\/b><\/li>\n<li>Respect des normes et de l&rsquo;\u00e9cologie<\/li>\n<li>Plafonds fabriqu\u00e9s en Union Europ\u00e9enne class\u00e9s <b>aux normes fran\u00e7aises<\/b><\/li>\n<li>Et bien plus, contactez-nous pour plus de d\u00e9tails&#8230;<\/li>\n<\/ul>\n<p style=\"text-align: justify; font-size: 1.00em; hyphens: none;\">Pour toute question n&rsquo;h\u00e9sitez pas \u00e0 nous contacter, nos \u00e9quipes sont \u00e0 votre \u00e9coute et l\u00e0 pour vous conseiller.<\/p>\n<p><\/p>\n<p style=\"text-align: justify; font-size: 1.00em; hyphens: none;\">En plus des services aux Particuliers, <b>S.E.E.T.H.<\/b> pose des <b>Plafonds Tendus<\/b> et offre des services de <b>d\u00e9coration<\/b> \u00e0 des <b>\u00e9tablissements prestigieux<\/b> tels que le <b>Salon Gustave Eiffel<\/b> par exemple sur la <b>Tour Eiffel<\/b>, mais aussi des Discoth\u00e8ques VIP, Mus\u00e9es, Lieux de Culte, Piscines, Auditoriums, Centres Commerciaux, Restaurants, Bars, H\u00f4tels, Grands Espaces, Magasins, Bureaux&#8230; nous avons un service et un tarif adapt\u00e9 \u00e0 chaque type d&rsquo;\u00e9tablissement.<\/p>\n<p>\n\t<\/div>\n<div class=\"PTGRLARG_B1\"><img src=\"\/site\/_rs_static\/a-propos-1.jpg\" style=\"width: 100%; max-width: 250px\"><\/p>\n<p><img src=\"\/site\/_rs_static\/a-propos-2.jpg\" style=\"width: 100%; max-width: 250px\"><\/p>\n<p><img src=\"\/site\/_rs_static\/a-propos-3.jpg\" style=\"width: 100%; max-width: 250px\"><\/div>\n<div style=\"clear: both\"><\/div>\n<p>\t<img src=\"\/site\/_rs_static\/rsdb-img-plafond-tendu-5-m-50-large-sans-soudure.jpg\" style=\"width: 100%\"><\/p>\n<p style=\"text-align: justify; font-size: 1.00em;\">Nos \u00e9quipes sont \u00e0 votre \u00e9coute pour tout projet, n&rsquo;h\u00e9sitez pas \u00e0 nous contacter ou utiliser nos outils de devis automatique, ainsi vous pourrez obtenir le meilleur devis possible pour votre plafond tendu. Avec \u00e0 chaque fois la meilleure garantie et un suivi sur le long terme. Pour toute question ou aide n&rsquo;h\u00e9sitez pas \u00e0 nous contacter.<\/p>\n<div id=\"RSDB_BANNER_OPTCONTACT_PG\" style=\"clear: both;\">\n\t<a href=\"https:\/\/prix-plafond-tendu.fr\/site\/devis-automatique\/\"><img src=\"\/site\/_rs_static\/rsdb-img-bandeau-informations-devis-contact.jpg\" style=\"width: 100%; margin-bottom: 20px;\" alt=\"\"><\/a>\n\t<\/div>\n<\/div>\n<div class=\"RSDB_2COL_0_RT\">\n<div id=\"RSDB_CALLBACK_CALL\" style=\"margin: auto; text-align: center;\"><a href=\"#RSDB_CALLBACK_TOP\"><img src=\"\/site\/_rs_static\/rsdb-system-btn-callback.png\" style=\"cursor: pointer; margin-bottom: 5px;\" onclick=\"document.getElementById('RSDBBOX').style.display = 'block'; document.getElementById('RSCALLBACK').style.display = 'block';\" alt=\"\"><\/a><\/div>\n<p><\/p>\n<div style=\"margin-bottom: 20px;\">\n<div style=\"background-color: #dd3333; color: #FFFFFF; text-align: center; padding: 5px; max-width: 350px; margin: auto;\">DEVIS RAPIDE 24H\/24<\/div>\n<div role=\"form\" class=\"wpcf7\" id=\"wpcf7-f25-o1\" lang=\"fr-FR\" dir=\"ltr\">\n<div class=\"screen-reader-response\"><p role=\"status\" aria-live=\"polite\" aria-atomic=\"true\"><\/p> <ul><\/ul><\/div>\n<form action=\"\/site\/wp-json\/wp\/v2\/pages\/68#wpcf7-f25-o1\" method=\"post\" class=\"wpcf7-form init\" novalidate=\"novalidate\" data-status=\"init\">\n<div style=\"display: none;\">\n<input type=\"hidden\" name=\"_wpcf7\" value=\"25\" \/>\n<input type=\"hidden\" name=\"_wpcf7_version\" value=\"5.5.6\" \/>\n<input type=\"hidden\" name=\"_wpcf7_locale\" value=\"fr_FR\" \/>\n<input type=\"hidden\" name=\"_wpcf7_unit_tag\" value=\"wpcf7-f25-o1\" \/>\n<input type=\"hidden\" name=\"_wpcf7_container_post\" value=\"0\" \/>\n<input type=\"hidden\" name=\"_wpcf7_posted_data_hash\" value=\"\" \/>\n<\/div>\n<p><span class=\"wpcf7-form-control-wrap your-name\"><input type=\"text\" name=\"your-name\" value=\"\" size=\"40\" class=\"wpcf7-form-control wpcf7-text wpcf7-validates-as-required\" aria-required=\"true\" aria-invalid=\"false\" placeholder=\"Nom et Pr\u00e9nom\" \/><\/span><\/p>\n<p><span class=\"wpcf7-form-control-wrap your-tel\"><input type=\"tel\" name=\"your-tel\" value=\"\" size=\"40\" class=\"wpcf7-form-control wpcf7-text wpcf7-tel wpcf7-validates-as-required wpcf7-validates-as-tel\" aria-required=\"true\" aria-invalid=\"false\" placeholder=\"T\u00e9l. : XX XX XX XX XX\" \/><\/span><\/p>\n<p><span class=\"wpcf7-form-control-wrap your-email\"><input type=\"email\" name=\"your-email\" value=\"\" size=\"40\" class=\"wpcf7-form-control wpcf7-text wpcf7-email wpcf7-validates-as-email\" aria-invalid=\"false\" placeholder=\"Courriel \/ E-mail\" \/><\/span><\/p>\n<p><span class=\"wpcf7-form-control-wrap your-cp\"><input type=\"text\" name=\"your-cp\" value=\"\" size=\"40\" maxlength=\"5\" minlength=\"5\" class=\"wpcf7-form-control wpcf7-text CF7CPO\" aria-invalid=\"false\" placeholder=\"Code Postal\" \/><\/span><span class=\"wpcf7-form-control-wrap your-ville\"><input type=\"text\" name=\"your-ville\" value=\"\" size=\"40\" class=\"wpcf7-form-control wpcf7-text CF7VIL\" aria-invalid=\"false\" placeholder=\"Ville\" \/><\/span><\/p>\n<p><span class=\"wpcf7-form-control-wrap your-subject\"><select name=\"your-subject\" class=\"wpcf7-form-control wpcf7-select\" aria-invalid=\"false\"><option value=\"Devis : Particulier\">Devis : Particulier<\/option><option value=\"Devis : Professionnel\">Devis : Professionnel<\/option><option value=\"Devis : Architecte\">Devis : Architecte<\/option><option value=\"Devis : Autres\">Devis : Autres<\/option><\/select><\/span><\/p>\n<p><span class=\"wpcf7-form-control-wrap your-type-bien\"><select name=\"your-type-bien\" class=\"wpcf7-form-control wpcf7-select\" aria-invalid=\"false\"><option value=\"Type de bien\">Type de bien<\/option><option value=\"Pavillon\">Pavillon<\/option><option value=\"Appartement\">Appartement<\/option><option value=\"Magasin\">Magasin<\/option><option value=\"Caf\u00e9s, Pubs, Discoth\u00e8ques\">Caf\u00e9s, Pubs, Discoth\u00e8ques<\/option><option value=\"Autres\">Autres<\/option><\/select><\/span><\/p>\n<p><span class=\"wpcf7-form-control-wrap your-objet\"><select name=\"your-objet\" class=\"wpcf7-form-control wpcf7-select\" aria-invalid=\"false\"><option value=\"Type de pi\u00e8ce\">Type de pi\u00e8ce<\/option><option value=\"Entr\u00e9e\">Entr\u00e9e<\/option><option value=\"Salon - S\u00e9jour\">Salon - S\u00e9jour<\/option><option value=\"Cuisine\">Cuisine<\/option><option value=\"Bureau\">Bureau<\/option><option value=\"Chambre\">Chambre<\/option><option value=\"Salle de bains\">Salle de bains<\/option><option value=\"Couloir\">Couloir<\/option><option value=\"WC\">WC<\/option><option value=\"Autres pi\u00e8ces\">Autres pi\u00e8ces<\/option><\/select><\/span><\/p>\n<p><span class=\"wpcf7-form-control-wrap your-surface\"><input type=\"text\" name=\"your-surface\" value=\"\" size=\"40\" class=\"wpcf7-form-control wpcf7-text wpcf7-validates-as-required\" aria-required=\"true\" aria-invalid=\"false\" placeholder=\"Surface en m\u00b2\" \/><\/span><\/p>\n<p><span class=\"wpcf7-form-control-wrap your-message\"><textarea name=\"your-message\" cols=\"40\" rows=\"10\" class=\"wpcf7-form-control wpcf7-textarea CF7MSG\" aria-invalid=\"false\" placeholder=\"Votre Message, pr\u00e9cisions...\"><\/textarea><\/span><\/p>\n<p><input type=\"submit\" value=\"Envoyer\" class=\"wpcf7-form-control has-spinner wpcf7-submit\" \/><\/p>\n<div class=\"wpcf7-response-output\" aria-hidden=\"true\"><\/div><\/form><\/div><\/div>\n<div style=\"margin: auto; text-align: center; margin-bottom: 20px;\"><img src=\"\/site\/_rs_static\/rsdb-img-droite-plafond-tendu-seeth-voiture-intervention.jpg\" style=\"width: 100%; max-width: 360px;\" alt=\"\"><\/div>\n<div style=\"margin: auto; text-align: center;\">\n<div style=\"width: 49%; float: left\"><a href=\"https:\/\/prix-plafond-tendu.fr\/site\/nos-realisations-particuliers\/\"><img src=\"\/site\/_rs_static\/rsdb-btn-galerie-realisations-particuliers.jpg\" style=\"width: 100%; max-width: 145px;\" alt=\"Galerie r\u00e9alisations Particuliers\"><\/a><\/div>\n<div style=\"width: 49%; float: right\"><a href=\"https:\/\/prix-plafond-tendu.fr\/site\/nos-realisations-professionnels\/\"><img src=\"\/site\/_rs_static\/rsdb-btn-galerie-realisations-professionnels.jpg\" style=\"width: 100%; max-width: 145px;\" alt=\"Galerie r\u00e9alisations Professionnels\"><\/a><\/div>\n<div style=\"clear: both\"><\/div>\n<\/p><\/div>\n<\/div>\n","protected":false},"excerpt":{"rendered":"<p>A propos des Plafonds Tendus S.E.E.T.H. Nous offrons une exp\u00e9rience de plus de 25 ans dans le domaine du Plafond Tendu et de la d\u00e9coration, avec une sp\u00e9cialisation sur le Plafond Tendu,<a class=\"moretag\" href=\"https:\/\/prix-plafond-tendu.fr\/site\/a-propos\/\">Read More&#8230;<\/a><\/p>\n","protected":false},"author":1,"featured_media":0,"parent":0,"menu_order":0,"comment_status":"closed","ping_status":"closed","template":"","meta":[],"_links":{"self":[{"href":"https:\/\/prix-plafond-tendu.fr\/site\/wp-json\/wp\/v2\/pages\/68"}],"collection":[{"href":"https:\/\/prix-plafond-tendu.fr\/site\/wp-json\/wp\/v2\/pages"}],"about":[{"href":"https:\/\/prix-plafond-tendu.fr\/site\/wp-json\/wp\/v2\/types\/page"}],"author":[{"embeddable":true,"href":"https:\/\/prix-plafond-tendu.fr\/site\/wp-json\/wp\/v2\/users\/1"}],"replies":[{"embeddable":true,"href":"https:\/\/prix-plafond-tendu.fr\/site\/wp-json\/wp\/v2\/comments?post=68"}],"version-history":[{"count":22,"href":"https:\/\/prix-plafond-tendu.fr\/site\/wp-json\/wp\/v2\/pages\/68\/revisions"}],"predecessor-version":[{"id":533,"href":"https:\/\/prix-plafond-tendu.fr\/site\/wp-json\/wp\/v2\/pages\/68\/revisions\/533"}],"wp:attachment":[{"href":"https:\/\/prix-plafond-tendu.fr\/site\/wp-json\/wp\/v2\/media?parent=68"}],"curies":[{"name":"wp","href":"https:\/\/api.w.org\/{rel}","templated":true}]}}